{"id":281,"date":"2022-03-06T17:18:52","date_gmt":"2022-03-06T16:18:52","guid":{"rendered":"https:\/\/www.dachkonzepte.net\/?page_id=281"},"modified":"2025-03-28T17:33:11","modified_gmt":"2025-03-28T16:33:11","slug":"fassadenbekleidung","status":"publish","type":"page","link":"https:\/\/www.dachkonzepte.net\/?page_id=281","title":{"rendered":"Fassadenbekleidung"},"content":{"rendered":"\t\t<div data-elementor-type=\"wp-page\" data-elementor-id=\"281\" class=\"elementor elementor-281\" data-elementor-post-type=\"page\">\n\t\t\t\t\t\t<section class=\"elementor-section elementor-top-section elementor-element elementor-element-738c685d elementor-section-full_width elementor-section-height-min-height elementor-section-items-stretch elementor-section-height-default\" data-id=\"738c685d\" data-element_type=\"section\" data-e-type=\"section\" data-settings=\"{&quot;background_background&quot;:&quot;classic&quot;}\">\n\t\t\t\t\t\t<div class=\"elementor-container elementor-column-gap-no\">\n\t\t\t\t\t<div class=\"elementor-column elementor-col-50 elementor-top-column elementor-element elementor-element-7e66c4dc\" data-id=\"7e66c4dc\" data-element_type=\"column\" data-e-type=\"column\">\n\t\t\t<div class=\"elementor-widget-wrap elementor-element-populated\">\n\t\t\t\t\t\t<div class=\"elementor-element elementor-element-7d7cdf1b elementor-invisible elementor-widget elementor-widget-heading\" data-id=\"7d7cdf1b\" data-element_type=\"widget\" data-e-type=\"widget\" data-settings=\"{&quot;_animation&quot;:&quot;fadeInUp&quot;}\" data-widget_type=\"heading.default\">\n\t\t\t\t<div class=\"elementor-widget-container\">\n\t\t\t\t\t<h3 class=\"elementor-heading-title elementor-size-default\">FASSADENBEKLEIDUNG<\/h3>\t\t\t\t<\/div>\n\t\t\t\t<\/div>\n\t\t\t\t<div class=\"elementor-element elementor-element-2dd2c81d elementor-widget-divider--view-line elementor-widget elementor-widget-divider\" data-id=\"2dd2c81d\" data-element_type=\"widget\" data-e-type=\"widget\" data-widget_type=\"divider.default\">\n\t\t\t\t<div class=\"elementor-widget-container\">\n\t\t\t\t\t\t\t<div class=\"elementor-divider\">\n\t\t\t<span class=\"elementor-divider-separator\">\n\t\t\t\t\t\t<\/span>\n\t\t<\/div>\n\t\t\t\t\t\t<\/div>\n\t\t\t\t<\/div>\n\t\t\t\t<div class=\"elementor-element elementor-element-56b335cb elementor-widget__width-initial elementor-widget elementor-widget-text-editor\" data-id=\"56b335cb\" data-element_type=\"widget\" data-e-type=\"widget\" data-widget_type=\"text-editor.default\">\n\t\t\t\t<div class=\"elementor-widget-container\">\n\t\t\t\t\t\t\t\t\t<p>Fassaden bieten einen wirksamen Schutz vor sch\u00e4dlichen Witterungseinfl\u00fcssen und setzen\u00a0<strong>optische Highlights<\/strong> an Ihrem Geb\u00e4ude. Nicht nur bei Menschen, sondern auch bei Geb\u00e4uden entscheidet das Erscheinungsbild oftmals \u00fcber den ersten Eindruck. Ob elegant und stilvoll, dezent oder geradlinig, lebendig oder repr\u00e4sentativ: die Eigenschaften Ihres Geb\u00e4udes sollten sich auch in der Fassadengestaltung widerspiegeln und sich bestenfalls harmonisch in das Landschafts- und Ortsbild einf\u00fcgen.<\/p>\t\t\t\t\t\t\t\t<\/div>\n\t\t\t\t<\/div>\n\t\t\t\t<div class=\"elementor-element elementor-element-3b930fa3 elementor-widget__width-initial elementor-widget elementor-widget-text-editor\" data-id=\"3b930fa3\" data-element_type=\"widget\" data-e-type=\"widget\" data-widget_type=\"text-editor.default\">\n\t\t\t\t<div class=\"elementor-widget-container\">\n\t\t\t\t\t\t\t\t\t<p>Eines der sichersten Fassadensysteme stellt die\u00a0<strong>vorgeh\u00e4ngte hinterl\u00fcftete Fassade (VHF)<\/strong>\u00a0dar, bei welcher die Funktionen des\u00a0<strong>Witterungsschutzes<\/strong>\u00a0und\u00a0<strong>W\u00e4rmeschutzes<\/strong>konstruktiv durch eine L\u00fcftungsschicht getrennt werden. Dieses Fassadensystem l\u00e4sst sich leicht instand setzen und besticht durch gute\u00a0<strong>Schalld\u00e4mm- und Brandschutzeigenschaften<\/strong>.<\/p>\t\t\t\t\t\t\t\t<\/div>\n\t\t\t\t<\/div>\n\t\t\t\t<div class=\"elementor-element elementor-element-00aa3e7 elementor-widget__width-initial elementor-widget elementor-widget-text-editor\" data-id=\"00aa3e7\" data-element_type=\"widget\" data-e-type=\"widget\" data-widget_type=\"text-editor.default\">\n\t\t\t\t<div class=\"elementor-widget-container\">\n\t\t\t\t\t\t\t\t\t<p>Die Gestaltungsm\u00f6glichkeiten von Fassadenbekleidungen sind vielseitig. Je nach Anforderung, pers\u00f6nlicher Vorliebe und individuellem Geldbeutel kommen Materialien wie Schiefer, Metall, Holz, Kunststoff oder Faserzement zum Einsatz. Als Fachbetrieb beraten wir Sie gerne und entwickeln mit Ihnen die passende Auswahl an Materialien, Farben, Formaten und Verlegemustern.<\/p>\t\t\t\t\t\t\t\t<\/div>\n\t\t\t\t<\/div>\n\t\t\t\t\t<\/div>\n\t\t<\/div>\n\t\t\t\t<div class=\"elementor-column elementor-col-50 elementor-top-column elementor-element elementor-element-f5a87b4\" data-id=\"f5a87b4\" data-element_type=\"column\" data-e-type=\"column\" data-settings=\"{&quot;background_background&quot;:&quot;classic&quot;}\">\n\t\t\t<div class=\"elementor-widget-wrap\">\n\t\t\t\t\t\t\t<\/div>\n\t\t<\/div>\n\t\t\t\t\t<\/div>\n\t\t<\/section>\n\t\t\t\t<section class=\"elementor-section elementor-top-section elementor-element elementor-element-6bf3471 elementor-section-boxed elementor-section-height-default elementor-section-height-default\" data-id=\"6bf3471\" data-element_type=\"section\" data-e-type=\"section\">\n\t\t\t\t\t\t<div class=\"elementor-container elementor-column-gap-default\">\n\t\t\t\t\t<div class=\"elementor-column elementor-col-100 elementor-top-column elementor-element elementor-element-5ee64a2\" data-id=\"5ee64a2\" data-element_type=\"column\" data-e-type=\"column\">\n\t\t\t<div class=\"elementor-widget-wrap elementor-element-populated\">\n\t\t\t\t\t\t<div class=\"elementor-element elementor-element-1be5b823 elementor-widget elementor-widget-spacer\" data-id=\"1be5b823\" data-element_type=\"widget\" data-e-type=\"widget\" data-widget_type=\"spacer.default\">\n\t\t\t\t<div class=\"elementor-widget-container\">\n\t\t\t\t\t\t\t<div class=\"elementor-spacer\">\n\t\t\t<div class=\"elementor-spacer-inner\"><\/div>\n\t\t<\/div>\n\t\t\t\t\t\t<\/div>\n\t\t\t\t<\/div>\n\t\t\t\t<div class=\"elementor-element elementor-element-279e98aa elementor-invisible elementor-widget elementor-widget-heading\" data-id=\"279e98aa\" data-element_type=\"widget\" data-e-type=\"widget\" data-settings=\"{&quot;_animation&quot;:&quot;fadeInUp&quot;}\" data-widget_type=\"heading.default\">\n\t\t\t\t<div class=\"elementor-widget-container\">\n\t\t\t\t\t<h3 class=\"elementor-heading-title elementor-size-default\">VERSCHIEDENE ARTEN VON FASSADEN<\/h3>\t\t\t\t<\/div>\n\t\t\t\t<\/div>\n\t\t\t\t<div class=\"elementor-element elementor-element-5af36978 elementor-widget__width-initial elementor-widget elementor-widget-text-editor\" data-id=\"5af36978\" data-element_type=\"widget\" data-e-type=\"widget\" data-widget_type=\"text-editor.default\">\n\t\t\t\t<div class=\"elementor-widget-container\">\n\t\t\t\t\t\t\t\t\t<p>Wir bieten Ihnen Fassaden aus verschiedenen Materialien an.<\/p>\t\t\t\t\t\t\t\t<\/div>\n\t\t\t\t<\/div>\n\t\t\t\t<section class=\"elementor-section elementor-inner-section elementor-element elementor-element-492e7143 elementor-section-full_width elementor-section-height-default elementor-section-height-default\" data-id=\"492e7143\" data-element_type=\"section\" data-e-type=\"section\">\n\t\t\t\t\t\t<div class=\"elementor-container elementor-column-gap-default\">\n\t\t\t\t\t<div class=\"elementor-column elementor-col-50 elementor-inner-column elementor-element elementor-element-35bda001\" data-id=\"35bda001\" data-element_type=\"column\" data-e-type=\"column\">\n\t\t\t<div class=\"elementor-widget-wrap elementor-element-populated\">\n\t\t\t\t\t\t<div class=\"elementor-element elementor-element-daa6698 elementor-widget elementor-widget-heading\" data-id=\"daa6698\" data-element_type=\"widget\" data-e-type=\"widget\" data-widget_type=\"heading.default\">\n\t\t\t\t<div class=\"elementor-widget-container\">\n\t\t\t\t\t<h2 class=\"elementor-heading-title elementor-size-default\">Holzfassade<\/h2>\t\t\t\t<\/div>\n\t\t\t\t<\/div>\n\t\t\t\t<div class=\"elementor-element elementor-element-3336b146 elementor-widget__width-initial elementor-widget elementor-widget-text-editor\" data-id=\"3336b146\" data-element_type=\"widget\" data-e-type=\"widget\" data-widget_type=\"text-editor.default\">\n\t\t\t\t<div class=\"elementor-widget-container\">\n\t\t\t\t\t\t\t\t\t<p >Die pflegeleichte, umweltfreundliche und stilvolle Holzbekleidung hat eine jahrhundertlange Tradition. Die Gestaltungsvielfalt von Holzfassaden reicht von vertikaler zu horizontaler Gliederung mit unbehandeltem Holz oder mit UV-best\u00e4ndigen Farben. Holzbekleidungen sind dar\u00fcber hinaus langlebig, robust, halten auch starken Witterungseinfl\u00fcssen stand und besitzen eine gute W\u00e4rmed\u00e4mmeigenschaft.<\/span><\/p>\t\t\t\t\t\t\t\t<\/div>\n\t\t\t\t<\/div>\n\t\t\t\t\t<\/div>\n\t\t<\/div>\n\t\t\t\t<div class=\"elementor-column elementor-col-50 elementor-inner-column elementor-element elementor-element-7f6dbd06\" data-id=\"7f6dbd06\" data-element_type=\"column\" data-e-type=\"column\" data-settings=\"{&quot;background_background&quot;:&quot;classic&quot;}\">\n\t\t\t<div class=\"elementor-widget-wrap elementor-element-populated\">\n\t\t\t\t\t\t<div class=\"elementor-element elementor-element-1141e2e6 elementor-widget elementor-widget-spacer\" data-id=\"1141e2e6\" data-element_type=\"widget\" data-e-type=\"widget\" data-widget_type=\"spacer.default\">\n\t\t\t\t<div class=\"elementor-widget-container\">\n\t\t\t\t\t\t\t<div class=\"elementor-spacer\">\n\t\t\t<div class=\"elementor-spacer-inner\"><\/div>\n\t\t<\/div>\n\t\t\t\t\t\t<\/div>\n\t\t\t\t<\/div>\n\t\t\t\t\t<\/div>\n\t\t<\/div>\n\t\t\t\t\t<\/div>\n\t\t<\/section>\n\t\t\t\t<div class=\"elementor-element elementor-element-52b3f4ad elementor-widget elementor-widget-spacer\" data-id=\"52b3f4ad\" data-element_type=\"widget\" data-e-type=\"widget\" data-widget_type=\"spacer.default\">\n\t\t\t\t<div class=\"elementor-widget-container\">\n\t\t\t\t\t\t\t<div class=\"elementor-spacer\">\n\t\t\t<div class=\"elementor-spacer-inner\"><\/div>\n\t\t<\/div>\n\t\t\t\t\t\t<\/div>\n\t\t\t\t<\/div>\n\t\t\t\t\t<\/div>\n\t\t<\/div>\n\t\t\t\t\t<\/div>\n\t\t<\/section>\n\t\t\t\t<section class=\"elementor-section elementor-top-section elementor-element elementor-element-ca180af elementor-section-boxed elementor-section-height-default elementor-section-height-default\" data-id=\"ca180af\" data-element_type=\"section\" data-e-type=\"section\" data-settings=\"{&quot;background_background&quot;:&quot;classic&quot;}\">\n\t\t\t\t\t\t<div class=\"elementor-container elementor-column-gap-default\">\n\t\t\t\t\t<div class=\"elementor-column elementor-col-100 elementor-top-column elementor-element elementor-element-a6e9eb6\" data-id=\"a6e9eb6\" data-element_type=\"column\" data-e-type=\"column\">\n\t\t\t<div class=\"elementor-widget-wrap elementor-element-populated\">\n\t\t\t\t\t\t<div class=\"elementor-element elementor-element-68a4c9b elementor-widget elementor-widget-spacer\" data-id=\"68a4c9b\" data-element_type=\"widget\" data-e-type=\"widget\" data-widget_type=\"spacer.default\">\n\t\t\t\t<div class=\"elementor-widget-container\">\n\t\t\t\t\t\t\t<div class=\"elementor-spacer\">\n\t\t\t<div class=\"elementor-spacer-inner\"><\/div>\n\t\t<\/div>\n\t\t\t\t\t\t<\/div>\n\t\t\t\t<\/div>\n\t\t\t\t<section class=\"elementor-section elementor-inner-section elementor-element elementor-element-39aba123 elementor-section-full_width elementor-section-height-default elementor-section-height-default\" data-id=\"39aba123\" data-element_type=\"section\" data-e-type=\"section\">\n\t\t\t\t\t\t<div class=\"elementor-container elementor-column-gap-default\">\n\t\t\t\t\t<div class=\"elementor-column elementor-col-50 elementor-inner-column elementor-element elementor-element-17c03b2f\" data-id=\"17c03b2f\" data-element_type=\"column\" data-e-type=\"column\" data-settings=\"{&quot;background_background&quot;:&quot;classic&quot;}\">\n\t\t\t<div class=\"elementor-widget-wrap elementor-element-populated\">\n\t\t\t\t\t\t<div class=\"elementor-element elementor-element-36f9969f elementor-widget elementor-widget-spacer\" data-id=\"36f9969f\" data-element_type=\"widget\" data-e-type=\"widget\" data-widget_type=\"spacer.default\">\n\t\t\t\t<div class=\"elementor-widget-container\">\n\t\t\t\t\t\t\t<div class=\"elementor-spacer\">\n\t\t\t<div class=\"elementor-spacer-inner\"><\/div>\n\t\t<\/div>\n\t\t\t\t\t\t<\/div>\n\t\t\t\t<\/div>\n\t\t\t\t\t<\/div>\n\t\t<\/div>\n\t\t\t\t<div class=\"elementor-column elementor-col-50 elementor-inner-column elementor-element elementor-element-63078eb1\" data-id=\"63078eb1\" data-element_type=\"column\" data-e-type=\"column\">\n\t\t\t<div class=\"elementor-widget-wrap elementor-element-populated\">\n\t\t\t\t\t\t<div class=\"elementor-element elementor-element-7bdeb98a elementor-widget elementor-widget-heading\" data-id=\"7bdeb98a\" data-element_type=\"widget\" data-e-type=\"widget\" data-widget_type=\"heading.default\">\n\t\t\t\t<div class=\"elementor-widget-container\">\n\t\t\t\t\t<h2 class=\"elementor-heading-title elementor-size-default\">Metallfassade<\/h2>\t\t\t\t<\/div>\n\t\t\t\t<\/div>\n\t\t\t\t<div class=\"elementor-element elementor-element-60d5c668 elementor-widget__width-initial elementor-widget elementor-widget-text-editor\" data-id=\"60d5c668\" data-element_type=\"widget\" data-e-type=\"widget\" data-widget_type=\"text-editor.default\">\n\t\t\t\t<div class=\"elementor-widget-container\">\n\t\t\t\t\t\t\t\t\t<p>Dort wo extreme Witterungsbedingungen durch Hitze, K\u00e4lte, Sturm, Regen und Frost herrschen, werden Fassadensystem aus Metall genutzt. Mit dem besonders beliebten Werkstoff Titanzink, aber auch mit Aluminium und Kupfer gelingt der Spagat zwischen h\u00f6chstm\u00f6glichem Schutz der darunterliegenden Bauschicht und individueller Wunschoptik der Fassade. Metallfassaden besitzen eine lange Nutzungsdauer und sind geradezu wartungsfrei.<\/span><\/p>\t\t\t\t\t\t\t\t<\/div>\n\t\t\t\t<\/div>\n\t\t\t\t\t<\/div>\n\t\t<\/div>\n\t\t\t\t\t<\/div>\n\t\t<\/section>\n\t\t\t\t<div class=\"elementor-element elementor-element-554ab944 elementor-widget elementor-widget-spacer\" data-id=\"554ab944\" data-element_type=\"widget\" data-e-type=\"widget\" data-widget_type=\"spacer.default\">\n\t\t\t\t<div class=\"elementor-widget-container\">\n\t\t\t\t\t\t\t<div class=\"elementor-spacer\">\n\t\t\t<div class=\"elementor-spacer-inner\"><\/div>\n\t\t<\/div>\n\t\t\t\t\t\t<\/div>\n\t\t\t\t<\/div>\n\t\t\t\t\t<\/div>\n\t\t<\/div>\n\t\t\t\t\t<\/div>\n\t\t<\/section>\n\t\t\t\t<section class=\"elementor-section elementor-top-section elementor-element elementor-element-c7d6537 elementor-section-boxed elementor-section-height-default elementor-section-height-default\" data-id=\"c7d6537\" data-element_type=\"section\" data-e-type=\"section\">\n\t\t\t\t\t\t<div class=\"elementor-container elementor-column-gap-default\">\n\t\t\t\t\t<div class=\"elementor-column elementor-col-100 elementor-top-column elementor-element elementor-element-37acb40\" data-id=\"37acb40\" data-element_type=\"column\" data-e-type=\"column\">\n\t\t\t<div class=\"elementor-widget-wrap elementor-element-populated\">\n\t\t\t\t\t\t<div class=\"elementor-element elementor-element-c082f6c elementor-widget elementor-widget-spacer\" data-id=\"c082f6c\" data-element_type=\"widget\" data-e-type=\"widget\" data-widget_type=\"spacer.default\">\n\t\t\t\t<div class=\"elementor-widget-container\">\n\t\t\t\t\t\t\t<div class=\"elementor-spacer\">\n\t\t\t<div class=\"elementor-spacer-inner\"><\/div>\n\t\t<\/div>\n\t\t\t\t\t\t<\/div>\n\t\t\t\t<\/div>\n\t\t\t\t<section class=\"elementor-section elementor-inner-section elementor-element elementor-element-51943e2b elementor-section-full_width elementor-section-height-default elementor-section-height-default\" data-id=\"51943e2b\" data-element_type=\"section\" data-e-type=\"section\">\n\t\t\t\t\t\t<div class=\"elementor-container elementor-column-gap-default\">\n\t\t\t\t\t<div class=\"elementor-column elementor-col-50 elementor-inner-column elementor-element elementor-element-23156a85\" data-id=\"23156a85\" data-element_type=\"column\" data-e-type=\"column\">\n\t\t\t<div class=\"elementor-widget-wrap elementor-element-populated\">\n\t\t\t\t\t\t<div class=\"elementor-element elementor-element-6278086a elementor-widget elementor-widget-heading\" data-id=\"6278086a\" data-element_type=\"widget\" data-e-type=\"widget\" data-widget_type=\"heading.default\">\n\t\t\t\t<div class=\"elementor-widget-container\">\n\t\t\t\t\t<h2 class=\"elementor-heading-title elementor-size-default\">Schieferfassade<\/h2>\t\t\t\t<\/div>\n\t\t\t\t<\/div>\n\t\t\t\t<div class=\"elementor-element elementor-element-eef0beb elementor-widget__width-initial elementor-widget elementor-widget-text-editor\" data-id=\"eef0beb\" data-element_type=\"widget\" data-e-type=\"widget\" data-widget_type=\"text-editor.default\">\n\t\t\t\t<div class=\"elementor-widget-container\">\n\t\t\t\t\t\t\t\t\t<p>Die Schieferfassade besitzt eine Tradition, die lange zur\u00fcck reicht. Sie vereint einen sehr guten Schutz vor Schlagregen, K\u00e4lte sowie Feuchtigkeit und ist kaum anf\u00e4llig gegen Verschmutzungen. Im Gegenteil: Schiefer setzt eine nat\u00fcrliche Patina an, die ihn bewahrt und wodurch er bei fachgerechter Ausf\u00fchrung oft ein ganzes Jahrhundert bestehen kann. Auch der Wartungsaufwand f\u00e4llt bei dieser Fassadengestaltung sehr gering aus. Durch seine Eigenschaften amortisieren sich die Mehrkosten f\u00fcr den sch\u00f6nen Naturstein sehr z\u00fcgig (wenn man die gesamte Lebensdauer betrachtet).<\/p>\t\t\t\t\t\t\t\t<\/div>\n\t\t\t\t<\/div>\n\t\t\t\t\t<\/div>\n\t\t<\/div>\n\t\t\t\t<div class=\"elementor-column elementor-col-50 elementor-inner-column elementor-element elementor-element-25bcff15\" data-id=\"25bcff15\" data-element_type=\"column\" data-e-type=\"column\" data-settings=\"{&quot;background_background&quot;:&quot;classic&quot;}\">\n\t\t\t<div class=\"elementor-widget-wrap elementor-element-populated\">\n\t\t\t\t\t\t<div class=\"elementor-element elementor-element-16a61c46 elementor-widget elementor-widget-spacer\" data-id=\"16a61c46\" data-element_type=\"widget\" data-e-type=\"widget\" data-widget_type=\"spacer.default\">\n\t\t\t\t<div class=\"elementor-widget-container\">\n\t\t\t\t\t\t\t<div class=\"elementor-spacer\">\n\t\t\t<div class=\"elementor-spacer-inner\"><\/div>\n\t\t<\/div>\n\t\t\t\t\t\t<\/div>\n\t\t\t\t<\/div>\n\t\t\t\t\t<\/div>\n\t\t<\/div>\n\t\t\t\t\t<\/div>\n\t\t<\/section>\n\t\t\t\t<div class=\"elementor-element elementor-element-13f05d06 elementor-widget elementor-widget-spacer\" data-id=\"13f05d06\" data-element_type=\"widget\" data-e-type=\"widget\" data-widget_type=\"spacer.default\">\n\t\t\t\t<div class=\"elementor-widget-container\">\n\t\t\t\t\t\t\t<div class=\"elementor-spacer\">\n\t\t\t<div class=\"elementor-spacer-inner\"><\/div>\n\t\t<\/div>\n\t\t\t\t\t\t<\/div>\n\t\t\t\t<\/div>\n\t\t\t\t\t<\/div>\n\t\t<\/div>\n\t\t\t\t\t<\/div>\n\t\t<\/section>\n\t\t\t\t<\/div>\n\t\t","protected":false},"excerpt":{"rendered":"<p>FASSADENBEKLEIDUNG Fassaden bieten einen wirksamen Schutz vor sch\u00e4dlichen Witterungseinfl\u00fcssen und setzen\u00a0optische Highlights an Ihrem Geb\u00e4ude. Nicht nur bei Menschen, sondern auch bei Geb\u00e4uden entscheidet das Erscheinungsbild oftmals \u00fcber den ersten Eindruck. Ob elegant und stilvoll, dezent oder geradlinig, lebendig oder repr\u00e4sentativ: die Eigenschaften Ihres Geb\u00e4udes sollten sich auch in der Fassadengestaltung widerspiegeln und sich bestenfalls [&hellip;]<\/p>\n","protected":false},"author":1,"featured_media":0,"parent":0,"menu_order":0,"comment_status":"closed","ping_status":"closed","template":"","meta":{"footnotes":""},"class_list":["post-281","page","type-page","status-publish","hentry"],"_links":{"self":[{"href":"https:\/\/www.dachkonzepte.net\/index.php?rest_route=\/wp\/v2\/pages\/281","targetHints":{"allow":["GET"]}}],"collection":[{"href":"https:\/\/www.dachkonzepte.net\/index.php?rest_route=\/wp\/v2\/pages"}],"about":[{"href":"https:\/\/www.dachkonzepte.net\/index.php?rest_route=\/wp\/v2\/types\/page"}],"author":[{"embeddable":true,"href":"https:\/\/www.dachkonzepte.net\/index.php?rest_route=\/wp\/v2\/users\/1"}],"replies":[{"embeddable":true,"href":"https:\/\/www.dachkonzepte.net\/index.php?rest_route=%2Fwp%2Fv2%2Fcomments&post=281"}],"version-history":[{"count":25,"href":"https:\/\/www.dachkonzepte.net\/index.php?rest_route=\/wp\/v2\/pages\/281\/revisions"}],"predecessor-version":[{"id":1004,"href":"https:\/\/www.dachkonzepte.net\/index.php?rest_route=\/wp\/v2\/pages\/281\/revisions\/1004"}],"wp:attachment":[{"href":"https:\/\/www.dachkonzepte.net\/index.php?rest_route=%2Fwp%2Fv2%2Fmedia&parent=281"}],"curies":[{"name":"wp","href":"https:\/\/api.w.org\/{rel}","templated":true}]}}